{"id":14,"date":"2020-06-02T11:31:06","date_gmt":"2020-06-02T09:31:06","guid":{"rendered":"http:\/\/autoecoleporras.com\/?page_id=14"},"modified":"2024-03-11T16:28:18","modified_gmt":"2024-03-11T15:28:18","slug":"nos-agences","status":"publish","type":"page","link":"https:\/\/autoecoleporras.com\/index.php\/nos-agences\/","title":{"rendered":"Nos agences"},"content":{"rendered":"\t\t<div data-elementor-type=\"wp-page\" data-elementor-id=\"14\" class=\"elementor elementor-14\">\n\t\t\t\t\t\t\t<div class=\"elementor-element elementor-element-6ebf3a2c e-flex e-con-boxed e-con e-parent\" data-id=\"6ebf3a2c\" data-element_type=\"container\" data-settings=\"{&quot;content_width&quot;:&quot;boxed&quot;}\" data-core-v316-plus=\"true\">\n\t\t\t\t\t<div class=\"e-con-inner\">\n\t\t\t\t<div class=\"elementor-element elementor-element-30d49500 elementor-widget elementor-widget-text-editor\" data-id=\"30d49500\" data-element_type=\"widget\" data-widget_type=\"text-editor.default\">\n\t\t\t\t<div class=\"elementor-widget-container\">\n\t\t\t<style>\/*! elementor - v3.16.0 - 20-09-2023 *\/\n.elementor-widget-text-editor.elementor-drop-cap-view-stacked .elementor-drop-cap{background-color:#69727d;color:#fff}.elementor-widget-text-editor.elementor-drop-cap-view-framed .elementor-drop-cap{color:#69727d;border:3px solid;background-color:transparent}.elementor-widget-text-editor:not(.elementor-drop-cap-view-default) .elementor-drop-cap{margin-top:8px}.elementor-widget-text-editor:not(.elementor-drop-cap-view-default) .elementor-drop-cap-letter{width:1em;height:1em}.elementor-widget-text-editor .elementor-drop-cap{float:left;text-align:center;line-height:1;font-size:50px}.elementor-widget-text-editor .elementor-drop-cap-letter{display:inline-block}<\/style>\t\t\t\t<!-- wp:extendstudio\/materialis-->\n<div id=\"initial-content-section\" class=\"content-section content-section-spacing\" data-id=\"initial-content-section\" data-export-id=\"initial-content-section\" data-label=\"Initial Content\">\n<div class=\"gridContainer\">\n<div class=\"row\">\n<div class=\"col-xs-12 col-sm-12\"><!-- wp:html--> <b>L\u2019auto-\u00e9cole PORRAS<\/b> s\u2019est progressivement d\u00e9velopp\u00e9e <b>depuis plus de 40 ans<\/b> au sud de la M\u00e9tropole Lyonnaise. Elle comprend aujourd\u2019hui <b>4 agence<\/b>s, situ\u00e9es dans les communes de :\n<ul>\n<li><b>CORBAS<\/b><\/li>\n<li><b> SEREZIN DU RHONE<\/b><\/li>\n<li><b>COMMUNAY<\/b><\/li>\n<li>avec son si\u00e8ge social \u00e0<b> SAINT-SYMPHORIEN D\u2019OZON.<\/b><\/li>\n<\/ul>\nDepuis son origine l\u2019auto-\u00e9cole PORRAS a form\u00e9 de tr\u00e8s nombreux candidats en s\u2019appuyant sur des m\u00e9thodes traditionnelles personnalis\u00e9es, bas\u00e9es sur la qualit\u00e9 de la relation \u00e9l\u00e8ve-formateur. Elle a ainsi fond\u00e9 une exp\u00e9rience reconnue dans l\u2019aire g\u00e9ographique de son action <!-- \/wp:html--><!-- wp:image {\"id\":337,\"align\":\"center\"}-->\n<div class=\"wp-block-image\">\u00a0<\/div>\n<\/div>\n<!-- wp:image {\"id\":340,\"align\":\"center\"}--><!-- \/wp:image--><\/div>\n<\/div>\n<\/div>\n<!-- \/wp:extendstudio\/materialis--><!-- wp:extendstudio\/materialis-->\n<div id=\"st-symphorien\" class=\"about-10 content-section content-section-spacing-large\" style=\"background-color: #f5fafd;\" data-label=\"st symphorien\" data-id=\"about--1\" data-export-id=\"about-10\" data-category=\"about\">\n<div class=\"\">\n<div class=\"row middle-sm text-center\">\n<div class=\"col-sm-5 space-bottom-xs content-column\" data-type=\"column\">\n<h2 class=\"\">Agence de <br \/>St-Symphorien d&rsquo;Ozon<\/h2>\n<h4>T\u00e9l : 04 78 02 03 97<\/h4>\n<p class=\"\">12 Av. Claude de la Colombi\u00e8re<br \/>Heures d\u2019ouverture<\/p>\n<table border=\"0\" width=\"100%\" cellpadding=\"0\">\n<tbody>\n<tr>\n<td width=\"4%\">Lundi<\/td>\n<td width=\"96%\">16h00 \u2013 19h00<\/td>\n<\/tr>\n<tr>\n<td>Mardi<\/td>\n<td>16h00 \u2013 19h00<\/td>\n<\/tr>\n<tr>\n<td>Mercredi<\/td>\n<td>16h00 \u2013 19h00<\/td>\n<\/tr>\n<tr>\n<td>Jeudi<\/td>\n<td>16h00 \u2013 19h00<\/td>\n<\/tr>\n<tr>\n<td>Vendredi<\/td>\n<td>16h00 \u2013 19h00<\/td>\n<\/tr>\n<tr>\n<td>Samedi<\/td>\n<td>10h00 \u2013 12h00<\/td>\n<\/tr>\n<\/tbody>\n<\/table>\n<p class=\"\">\u00a0<\/p>\n<\/div>\n<div class=\"col-sm-7 flexbox middle-xs center-xs\">\n<div class=\"overlay-box middle-xs center-xs flexbox box-image\">\n<div class=\"overlay-box-offset offset-border mdc-elevation--z5 border-color1 hide-xs border-radius-8\">\u00a0<\/div>\n<img decoding=\"async\" class=\"mdc-elevation--z10 rounded max-image\" src=\"https:\/\/autoecoleporras.com\/wp-content\/uploads\/2020\/07\/cropped-stsymphorien2.png\" data-size=\"480x700\" \/><\/div>\n<\/div>\n<\/div>\n<\/div>\n<\/div>\n<!-- \/wp:extendstudio\/materialis--><!-- wp:extendstudio\/materialis-->\n<div id=\"serezin\" class=\"about-10 content-section content-section-spacing-large\" style=\"background-color: #ffffff;\" data-label=\"serezin\" data-id=\"about--2\" data-export-id=\"about-10\" data-category=\"about\">\n<div class=\"\">\n<div class=\"row middle-sm text-center\">\n<div class=\"col-sm-5 space-bottom-xs content-column\" data-type=\"column\">\n<h2 class=\"\">Agence de <br \/>S\u00e9r\u00e9zin-du-Rh\u00f4ne<\/h2>\n<h4>T\u00e9l : 04 78 02 82 85<\/h4>\n<p class=\"\">19 Av. du Dauphin\u00e9<br \/>Heures d\u2019ouverture<\/p>\n<table border=\"0\" width=\"100%\" cellpadding=\"0\">\n<tbody>\n<tr>\n<td width=\"4%\">Lundi<\/td>\n<td width=\"96%\">16h00 \u2013 19h00<\/td>\n<\/tr>\n<tr>\n<td>Mardi<\/td>\n<td>16h00 \u2013 19h00<\/td>\n<\/tr>\n<tr>\n<td>Mercredi<\/td>\n<td>16h00 \u2013 19h00<\/td>\n<\/tr>\n<tr>\n<td>Jeudi<\/td>\n<td>16h00 \u2013 19h00<\/td>\n<\/tr>\n<tr>\n<td>Vendredi<\/td>\n<td>16h00 \u2013 19h00<\/td>\n<\/tr>\n<tr>\n<td>Samedi<\/td>\n<td>10h00 \u2013 12h00<\/td>\n<\/tr>\n<\/tbody>\n<\/table>\n<p>\u00a0<\/p>\n<\/div>\n<div class=\"col-sm-7 flexbox middle-xs center-xs\">\n<div class=\"overlay-box middle-xs center-xs flexbox box-image\">\n<div class=\"overlay-box-offset offset-border mdc-elevation--z5 border-color1 hide-xs border-radius-8\">\u00a0<\/div>\n<img decoding=\"async\" class=\"mdc-elevation--z10 rounded max-image\" src=\"https:\/\/autoecoleporras.com\/wp-content\/uploads\/2020\/06\/cropped-serezin-1.png\" data-size=\"480x700\" \/><\/div>\n<\/div>\n<\/div>\n<\/div>\n<\/div>\n<!-- \/wp:extendstudio\/materialis--><!-- wp:extendstudio\/materialis-->\n<div id=\"communay\" class=\"about-10 content-section content-section-spacing-large\" style=\"background-color: #f5fafd;\" data-label=\"communay\" data-id=\"about--3\" data-export-id=\"about-10\" data-category=\"about\">\n<div class=\"\">\n<div class=\"row middle-sm text-center\">\n<div class=\"col-sm-5 space-bottom-xs content-column\" data-type=\"column\">\n<h2 class=\"\">Agence de <br \/>Communay<\/h2>\n<h4>T\u00e9l : 04 72 24 80 35<\/h4>\n<p class=\"\">3 Rue du Mazet<br \/>Heures d\u2019ouverture<\/p>\n<table border=\"0\" width=\"100%\" cellpadding=\"0\">\n<tbody>\n<tr>\n<td width=\"4%\">Lundi<\/td>\n<td width=\"96%\">Ferm\u00e9<\/td>\n<\/tr>\n<tr>\n<td>Mardi<\/td>\n<td>17h00 \u2013 19h00<\/td>\n<\/tr>\n<tr>\n<td>Mercredi<\/td>\n<td>17h00 \u2013 19h00<\/td>\n<\/tr>\n<tr>\n<td>Jeudi<\/td>\n<td>16h00 \u2013 18h00<\/td>\n<\/tr>\n<tr>\n<td>Vendredi<\/td>\n<td>17h00 \u2013 19h00<\/td>\n<\/tr>\n<tr>\n<td>Samedi<\/td>\n<td>10h00 \u2013 12h00<\/td>\n<\/tr>\n<\/tbody>\n<\/table>\n<p>\u00a0<\/p>\n<\/div>\n<div class=\"col-sm-7 flexbox middle-xs center-xs\">\n<div class=\"overlay-box middle-xs center-xs flexbox box-image\">\n<div class=\"overlay-box-offset offset-border mdc-elevation--z5 border-color1 hide-xs border-radius-8\">\u00a0<\/div>\n<img decoding=\"async\" class=\"mdc-elevation--z10 rounded max-image\" src=\"https:\/\/autoecoleporras.com\/wp-content\/uploads\/2020\/07\/cropped-communay2.png\" data-size=\"480x700\" \/><\/div>\n<\/div>\n<\/div>\n<\/div>\n<\/div>\n<!-- \/wp:extendstudio\/materialis--><!-- wp:extendstudio\/materialis--><!-- \/wp:extendstudio\/materialis--><!-- wp:extendstudio\/materialis-->\n<div id=\"corbas-dd\" class=\"about-10 content-section content-section-spacing-large content-relative\" style=\"background-color: #f5fafd;\" data-label=\"corbas dd\" data-id=\"about--5\" data-export-id=\"about-10\" data-category=\"about\">\n<div class=\"\">\n<div class=\"row middle-sm text-center\">\n<div class=\"col-sm-5 space-bottom-xs content-column\" data-type=\"column\">\n<h2 class=\"\">Agence de <br \/>Corbas<\/h2>\n<h4>T\u00e9l : 09 54 93 51 07<\/h4>\n<p class=\"\">17 Rue des Marronniers<br \/>Heures d\u2019ouverture<\/p>\n<table border=\"0\" width=\"100%\" cellpadding=\"0\">\n<tbody>\n<tr>\n<td width=\"4%\">Lundi<\/td>\n<td width=\"96%\">15h00 \u2013 19h00<\/td>\n<\/tr>\n<tr>\n<td>Mardi<\/td>\n<td>15h00 \u2013 19h00<\/td>\n<\/tr>\n<tr>\n<td>Mercredi<\/td>\n<td>14h00 \u2013 19h00<\/td>\n<\/tr>\n<tr>\n<td>Jeudi<\/td>\n<td>15h00 \u2013 19h00<\/td>\n<\/tr>\n<tr>\n<td>Vendredi<\/td>\n<td>15h00 \u2013 19h00<\/td>\n<\/tr>\n<tr>\n<td>Samedi<\/td>\n<td>10h00 \u2013 12h00<\/td>\n<\/tr>\n<\/tbody>\n<\/table>\n<p class=\"\">\u00a0<\/p>\n<\/div>\n<div class=\"col-sm-7 flexbox middle-xs center-xs\">\n<div class=\"overlay-box middle-xs center-xs flexbox box-image\">\n<div class=\"overlay-box-offset offset-border mdc-elevation--z5 border-color1 hide-xs border-radius-8\">\u00a0<\/div>\n<img decoding=\"async\" class=\"mdc-elevation--z10 rounded max-image\" src=\"https:\/\/autoecoleporras.com\/wp-content\/uploads\/2020\/06\/cropped-corbas.png\" data-size=\"480x700\" \/><\/div>\n<\/div>\n<\/div>\n<\/div>\n<div class=\"section-separator-bottom\">\u00a0<\/div>\n<\/div>\n<!-- \/wp:extendstudio\/materialis-->\t\t\t\t\t\t<\/div>\n\t\t\t\t<\/div>\n\t\t\t\t\t<\/div>\n\t\t\t\t<\/div>\n\t\t\t\t\t\t\t<\/div>\n\t\t","protected":false},"excerpt":{"rendered":"<p>L\u2019auto-\u00e9cole PORRAS s\u2019est progressivement d\u00e9velopp\u00e9e depuis plus de 40 ans au sud de la M\u00e9tropole Lyonnaise. Elle comprend aujourd\u2019hui 4 agences, situ\u00e9es dans les communes de : CORBAS SEREZIN DU RHONE COMMUNAY avec son si\u00e8ge social \u00e0 SAINT-SYMPHORIEN D\u2019OZON. Depuis son origine l\u2019auto-\u00e9cole PORRAS a form\u00e9 de tr\u00e8s nombreux candidats en s\u2019appuyant sur des m\u00e9thodes&nbsp;&hellip;<\/p>\n","protected":false},"author":1,"featured_media":1461,"parent":0,"menu_order":0,"comment_status":"closed","ping_status":"closed","template":"pro\/page-templates\/full-width-page.php","meta":{"footnotes":""},"_links":{"self":[{"href":"https:\/\/autoecoleporras.com\/index.php\/wp-json\/wp\/v2\/pages\/14"}],"collection":[{"href":"https:\/\/autoecoleporras.com\/index.php\/wp-json\/wp\/v2\/pages"}],"about":[{"href":"https:\/\/autoecoleporras.com\/index.php\/wp-json\/wp\/v2\/types\/page"}],"author":[{"embeddable":true,"href":"https:\/\/autoecoleporras.com\/index.php\/wp-json\/wp\/v2\/users\/1"}],"replies":[{"embeddable":true,"href":"https:\/\/autoecoleporras.com\/index.php\/wp-json\/wp\/v2\/comments?post=14"}],"version-history":[{"count":39,"href":"https:\/\/autoecoleporras.com\/index.php\/wp-json\/wp\/v2\/pages\/14\/revisions"}],"predecessor-version":[{"id":1890,"href":"https:\/\/autoecoleporras.com\/index.php\/wp-json\/wp\/v2\/pages\/14\/revisions\/1890"}],"wp:featuredmedia":[{"embeddable":true,"href":"https:\/\/autoecoleporras.com\/index.php\/wp-json\/wp\/v2\/media\/1461"}],"wp:attachment":[{"href":"https:\/\/autoecoleporras.com\/index.php\/wp-json\/wp\/v2\/media?parent=14"}],"curies":[{"name":"wp","href":"https:\/\/api.w.org\/{rel}","templated":true}]}}