{"id":210,"date":"2020-06-22T10:21:59","date_gmt":"2020-06-22T08:21:59","guid":{"rendered":"http:\/\/autoecoleporras.com\/?page_id=210"},"modified":"2023-11-17T11:09:24","modified_gmt":"2023-11-17T10:09:24","slug":"conduite-accompagnee","status":"publish","type":"page","link":"https:\/\/autoecoleporras.com\/index.php\/conduite-accompagnee\/","title":{"rendered":"Conduite accompagn\u00e9e"},"content":{"rendered":"\t\t<div data-elementor-type=\"wp-page\" data-elementor-id=\"210\" class=\"elementor elementor-210\">\n\t\t\t\t\t\t\t<div class=\"elementor-element elementor-element-a3b3487 e-flex e-con-boxed e-con e-parent\" data-id=\"a3b3487\" data-element_type=\"container\" data-settings=\"{&quot;content_width&quot;:&quot;boxed&quot;}\" data-core-v316-plus=\"true\">\n\t\t\t\t\t<div class=\"e-con-inner\">\n\t\t\t\t<div class=\"elementor-element elementor-element-e1f0b1c elementor-widget elementor-widget-image\" data-id=\"e1f0b1c\" data-element_type=\"widget\" data-widget_type=\"image.default\">\n\t\t\t\t<div class=\"elementor-widget-container\">\n\t\t\t<style>\/*! elementor - v3.16.0 - 20-09-2023 *\/\n.elementor-widget-image{text-align:center}.elementor-widget-image a{display:inline-block}.elementor-widget-image a img[src$=\".svg\"]{width:48px}.elementor-widget-image img{vertical-align:middle;display:inline-block}<\/style>\t\t\t\t\t\t\t\t\t\t\t\t<img decoding=\"async\" loading=\"lazy\" width=\"300\" height=\"300\" src=\"https:\/\/autoecoleporras.com\/wp-content\/uploads\/2023\/11\/Logo_AAC_Etablissement-300x300-1.png\" class=\"attachment-large size-large wp-image-1252\" alt=\"\" srcset=\"https:\/\/autoecoleporras.com\/wp-content\/uploads\/2023\/11\/Logo_AAC_Etablissement-300x300-1.png 300w, https:\/\/autoecoleporras.com\/wp-content\/uploads\/2023\/11\/Logo_AAC_Etablissement-300x300-1-150x150.png 150w\" sizes=\"(max-width: 300px) 100vw, 300px\" \/>\t\t\t\t\t\t\t\t\t\t\t\t\t\t\t<\/div>\n\t\t\t\t<\/div>\n\t\t\t\t\t<\/div>\n\t\t\t\t<\/div>\n\t\t<div class=\"elementor-element elementor-element-125bc59 e-flex e-con-boxed e-con e-parent\" data-id=\"125bc59\" data-element_type=\"container\" data-settings=\"{&quot;content_width&quot;:&quot;boxed&quot;}\" data-core-v316-plus=\"true\">\n\t\t\t\t\t<div class=\"e-con-inner\">\n\t\t\t\t<div class=\"elementor-element elementor-element-cf4a2cc elementor-widget elementor-widget-text-editor\" data-id=\"cf4a2cc\" data-element_type=\"widget\" data-widget_type=\"text-editor.default\">\n\t\t\t\t<div class=\"elementor-widget-container\">\n\t\t\t<style>\/*! elementor - v3.16.0 - 20-09-2023 *\/\n.elementor-widget-text-editor.elementor-drop-cap-view-stacked .elementor-drop-cap{background-color:#69727d;color:#fff}.elementor-widget-text-editor.elementor-drop-cap-view-framed .elementor-drop-cap{color:#69727d;border:3px solid;background-color:transparent}.elementor-widget-text-editor:not(.elementor-drop-cap-view-default) .elementor-drop-cap{margin-top:8px}.elementor-widget-text-editor:not(.elementor-drop-cap-view-default) .elementor-drop-cap-letter{width:1em;height:1em}.elementor-widget-text-editor .elementor-drop-cap{float:left;text-align:center;line-height:1;font-size:50px}.elementor-widget-text-editor .elementor-drop-cap-letter{display:inline-block}<\/style>\t\t\t\t<h4>\u00a0<strong>Apprentissage anticip\u00e9 de la conduite<\/strong><\/h4>\t\t\t\t\t\t<\/div>\n\t\t\t\t<\/div>\n\t\t\t\t\t<\/div>\n\t\t\t\t<\/div>\n\t\t<div class=\"elementor-element elementor-element-b0909ec e-flex e-con-boxed e-con e-parent\" data-id=\"b0909ec\" data-element_type=\"container\" data-settings=\"{&quot;content_width&quot;:&quot;boxed&quot;}\" data-core-v316-plus=\"true\">\n\t\t\t\t\t<div class=\"e-con-inner\">\n\t\t\t\t<div class=\"elementor-element elementor-element-530ad27 elementor-widget elementor-widget-text-editor\" data-id=\"530ad27\" data-element_type=\"widget\" data-widget_type=\"text-editor.default\">\n\t\t\t\t<div class=\"elementor-widget-container\">\n\t\t\t\t\t\t\t<p><strong>Un futur conducteur peut choisir d\u2019apprendre \u00e0 conduire d\u00e8s l\u2019\u00e2ge de 15 ans gr\u00e2ce \u00e0 la conduite accompagn\u00e9e, r\u00e9alis\u00e9e dans le cadre de l\u2019apprentissage anticip\u00e9 de la conduite (AAC).<\/strong><\/p>\n<p>La conduite accompagn\u00e9e permet, apr\u00e8s une formation initiale en \u00e9cole de conduite, d\u2019acqu\u00e9rir de l\u2019exp\u00e9rience au volant en toute confiance et sous le contr\u00f4le<br \/>d\u2019un accompagnateur, dans les conditions de circulation les plus vari\u00e9es possibles, avant le passage des \u00e9preuves pratiques et l\u2019obtention du permis de<br \/>conduire et de l\u2019autonomie.<\/p>\n<p>En 2017, <strong>213 898 <\/strong><strong>permis de conduire de la cat\u00e9gorie B ont \u00e9t\u00e9 d\u00e9livr\u00e9s via la fili\u00e8re de l\u2019AAC<\/strong>, soit seulement <strong>24,8 %<\/strong> de la totalit\u00e9 des permis d\u00e9livr\u00e9s pour cette cat\u00e9gorie.<\/p>\n<p>Pourtant, cette formation \u00ab au long cours \u00bb r\u00e9duit consid\u00e9rablement l\u2019accidentalit\u00e9 chez lesconducteurs novices et enregistre un meilleur taux de r\u00e9ussite \u00e0 l\u2019examen.\u00a0<\/p>\n<p>Le taux de r\u00e9ussite \u00e0 l\u2019\u00e9preuve pratique en vue de l\u2019obtention de la cat\u00e9gorie B du permis de conduire est de\u00a0<strong>75\u00a0<\/strong>% pour les candidats ayant suivi une formation anticip\u00e9e \u00e0 la conduite, contre 52 % pour les candidats qui ont suivi la formation traditionnelle.<\/p>\n<h4 style=\"letter-spacing: normal;\"><strong>Quelles sont les conditions d&rsquo;acc\u00e8s ?\u00a0<\/strong><\/h4>\n<p>Pour s\u2019inscrire \u00e0 l\u2019AAC en \u00e9cole de conduite, il faut :<\/p>\n<ul>\n<li>\u00eatre \u00e2g\u00e9 d\u2019au moins 15 ans ;<\/li>\n<li>avoir l\u2019accord de son repr\u00e9sentant l\u00e9gal et de l\u2019assureur du v\u00e9hicule.<\/li>\n<\/ul>\n<h4 style=\"letter-spacing: normal;\"><strong>Quels avantages ?\u00a0<\/strong><\/h4>\n<p>La conduite accompagn\u00e9e permet notamment :<\/p>\n<ul>\n<li>d&rsquo;acqu\u00e9rir une exp\u00e9rience de conduite. Gagner ainsi en confiance pour le passage pratique de l\u2019examen, mais aussi en tant que futur conducteur ;<\/li>\n<li><strong>un taux de r\u00e9ussite plus important<\/strong> lors du passage de l\u2019\u00e9preuve du permis avec 75 % de r\u00e9ussite contre 57 % dans la fili\u00e8re traditionnelle ;<\/li>\n<li><strong>une p\u00e9riode probatoire r\u00e9duite<\/strong> : les jeunes conducteurs ayant suivi la conduite accompagn\u00e9 seront cr\u00e9dit\u00e9s de leurs 12 points sur le permis \u00e0 l&rsquo;issue de 2 ans sans commettre d\u2019infraction, contre 3 ans pour les titulaires ayant obtenu le permis via la fili\u00e8re traditionnelle ;<\/li>\n<li>passer l\u2019\u00e9preuve pratique du permis de conduire d\u00e8s 17 ans ;<\/li>\n<li>obtenir un tarif pr\u00e9f\u00e9rentiel sur son assurance \u00abjeune conducteur\u00bb ;<\/li>\n<li>commencer la formation initiale en \u00e9cole de conduite (code et conduite), d\u00e8s l\u2019\u00e2ge de 15 ans.\u00a0<\/li>\n<\/ul>\n<h4 style=\"letter-spacing: normal;\"><strong>La formation initiale en \u00e9cole de conduite<\/strong><\/h4>\n<p>Avant de pouvoir conduire avec l\u2019accompagnateur, l\u2019\u00e9l\u00e8ve doit suivre une formation initiale qui comprend\u00a0:<\/p>\n<ul>\n<li>une \u00e9valuation pr\u00e9alable d\u2019une heure ;<\/li>\n<li>une formation th\u00e9orique sur les enjeux de la s\u00e9curit\u00e9 routi\u00e8re et permettant de pr\u00e9parer l\u2019\u00e9preuve th\u00e9orique g\u00e9n\u00e9rale dite \u00e9preuve du code ;<\/li>\n<li>une formation pratique (cours de conduite) dont la dur\u00e9e ne peut \u00eatre inf\u00e9rieure \u00e0 20 heures.<\/li>\n<\/ul>\t\t\t\t\t\t<\/div>\n\t\t\t\t<\/div>\n\t\t\t\t\t<\/div>\n\t\t\t\t<\/div>\n\t\t<div class=\"elementor-element elementor-element-9d6e18b e-flex e-con-boxed e-con e-parent\" data-id=\"9d6e18b\" data-element_type=\"container\" data-settings=\"{&quot;content_width&quot;:&quot;boxed&quot;}\" data-core-v316-plus=\"true\">\n\t\t\t\t\t<div class=\"e-con-inner\">\n\t\t\t\t<div class=\"elementor-element elementor-element-889b011 elementor-widget elementor-widget-image\" data-id=\"889b011\" data-element_type=\"widget\" data-widget_type=\"image.default\">\n\t\t\t\t<div class=\"elementor-widget-container\">\n\t\t\t\t\t\t\t\t\t\t\t\t\t\t\t<img decoding=\"async\" loading=\"lazy\" width=\"1024\" height=\"289\" src=\"https:\/\/autoecoleporras.com\/wp-content\/uploads\/2023\/11\/AAC-1024x289.png\" class=\"attachment-large size-large wp-image-1251\" alt=\"\" srcset=\"https:\/\/autoecoleporras.com\/wp-content\/uploads\/2023\/11\/AAC-1024x289.png 1024w, https:\/\/autoecoleporras.com\/wp-content\/uploads\/2023\/11\/AAC-300x85.png 300w, https:\/\/autoecoleporras.com\/wp-content\/uploads\/2023\/11\/AAC-768x217.png 768w, https:\/\/autoecoleporras.com\/wp-content\/uploads\/2023\/11\/AAC-1536x433.png 1536w, https:\/\/autoecoleporras.com\/wp-content\/uploads\/2023\/11\/AAC-500x141.png 500w, https:\/\/autoecoleporras.com\/wp-content\/uploads\/2023\/11\/AAC-800x226.png 800w, https:\/\/autoecoleporras.com\/wp-content\/uploads\/2023\/11\/AAC-1280x361.png 1280w, https:\/\/autoecoleporras.com\/wp-content\/uploads\/2023\/11\/AAC-1920x541.png 1920w, https:\/\/autoecoleporras.com\/wp-content\/uploads\/2023\/11\/AAC-1232x347.png 1232w, https:\/\/autoecoleporras.com\/wp-content\/uploads\/2023\/11\/AAC.png 2000w\" sizes=\"(max-width: 1024px) 100vw, 1024px\" \/>\t\t\t\t\t\t\t\t\t\t\t\t\t\t\t<\/div>\n\t\t\t\t<\/div>\n\t\t\t\t\t<\/div>\n\t\t\t\t<\/div>\n\t\t<div class=\"elementor-element elementor-element-3f71c42 e-flex e-con-boxed e-con e-parent\" data-id=\"3f71c42\" data-element_type=\"container\" data-settings=\"{&quot;content_width&quot;:&quot;boxed&quot;}\" data-core-v316-plus=\"true\">\n\t\t\t\t\t<div class=\"e-con-inner\">\n\t\t\t\t<div class=\"elementor-element elementor-element-93fdaf9 elementor-widget elementor-widget-text-editor\" data-id=\"93fdaf9\" data-element_type=\"widget\" data-widget_type=\"text-editor.default\">\n\t\t\t\t<div class=\"elementor-widget-container\">\n\t\t\t\t\t\t\t<p>Avant de pouvoir conduire avec l\u2019accompagnateur, l\u2019\u00e9l\u00e8ve doit suivre une formation initiale qui comprend\u00a0:<\/p>\n<ul>\n<li>une \u00e9valuation pr\u00e9alable d\u2019une heure ;<\/li>\n<li>une formation th\u00e9orique sur les enjeux de la s\u00e9curit\u00e9 routi\u00e8re et permettant de pr\u00e9parer l\u2019\u00e9preuve th\u00e9orique g\u00e9n\u00e9rale dite \u00e9preuve du code ;<\/li>\n<li>une formation pratique (cours de conduite) dont la dur\u00e9e ne peut \u00eatre inf\u00e9rieure \u00e0 20 heures.<\/li>\n<\/ul>\n<p>Une fois l\u2019examen du code obtenu, et lorsque le niveau de conduite est jug\u00e9 satisfaisant par l\u2019enseignant de la conduite et de la s\u00e9curit\u00e9 routi\u00e8re, apr\u00e8s au moins 20 heures de formation obligatoire (ou davantage si l\u2019enseignant le juge n\u00e9cessaire), l\u2019enseignant d\u00e9livre \u00e0 l\u2019\u00e9l\u00e8ve une attestation de fin de formation initiale (AFFI).<\/p>\n<p>Celle-ci prouve que l\u2019\u00e9l\u00e8ve a atteint le niveau n\u00e9cessaire et indispensable pour commencer la conduite avec un accompagnateur. Il doit notamment savoir\u00a0:<\/p>\n<ul>\n<li>ma\u00eetriser le v\u00e9hicule \u00e0 allure lente ou mod\u00e9r\u00e9e, le trafic \u00e9tant faible ou nul\u00a0;<\/li>\n<li>choisir sa position sur la chauss\u00e9e, franchir une intersection ou changer de direction\u00a0;<\/li>\n<li>circuler dans des conditions normales sur route et en agglom\u00e9ration\u00a0;<\/li>\n<li>conna\u00eetre les situations pr\u00e9sentant des difficult\u00e9s particuli\u00e8res.<\/li>\n<\/ul>\n<p>Cette attestation est consign\u00e9e dans le livret d\u2019apprentissage de l\u2019\u00e9l\u00e8ve. Elle est aussi remise \u00e0 la compagnie d\u2019assurance du candidat, car elle est indispensable pour commencer\u00a0la\u00a0conduite\u00a0accompagn\u00e9e.<\/p>\n<h4 style=\"letter-spacing: normal;\"><strong>Le d\u00e9roulement de la phase de conduite accompagn\u00e9e<\/strong><\/h4>\n<p>Les grandes \u00e9tapes de l&rsquo;apprentissage anticip\u00e9 de la conduite sont :<\/p>\n<ul>\n<li>un RDV p\u00e9dagogique avant de commencer l&rsquo;apprentissage ;<\/li>\n<li>une dur\u00e9e de conduite accompagn\u00e9e de minimum 1 an ;<\/li>\n<li>un nombre de kilom\u00e8tres parcourus\u00a0sup\u00e9rieur \u00e0 3000 ;<\/li>\n<li>deux RDV d&rsquo;\u00e9tape avec un formateur.<\/li>\n<\/ul>\n<p>Un rendez-vous p\u00e9dagogique pr\u00e9alable avec l\u2019accompagnateur est obligatoire, d\u2019une dur\u00e9e minimale de deux heures. <br \/>Le candidat se retrouve pour la premi\u00e8re fois en pr\u00e9sence du moniteur et de l\u2019accompagnateur. <br \/>Ce dernier profite \u00e0 cette occasion de l\u2019apport des conseils et des informations d\u00e9livr\u00e9s par l\u2019enseignant de la conduite afin d\u2019assurer une continuit\u00e9 dans la formation.<\/p>\n<p>La conduite avec l\u2019accompagnateur se d\u00e9roule ensuite sur une dur\u00e9e minimale d\u2019un an. Durant cette p\u00e9riode, le conducteur devra parcourir au minimum 3 000 kilom\u00e8tres, sous la vigilance et les conseils de l\u2019accompagnateur.<\/p>\n<p>Un suivi est assur\u00e9 par l\u2019\u00e9cole de conduite sous la forme de deux rendez-vous p\u00e9dagogiques obligatoires avec l&rsquo;\u00e9l\u00e8ve, l\u2019un entre 6 et 8 mois de conduite (et environ 1 000 kilom\u00e8tres parcourus), l\u2019autre \u00e0 l\u2019issue des 3 000 km.\u00a0<\/p>\n<p>C\u2019est lors du deuxi\u00e8me rendez-vous p\u00e9dagogique que le formateur d\u00e9cide si le candidat est pr\u00eat \u00e0 passer l&rsquo;\u00e9preuve pratique du permis de conduire lorsqu&rsquo;il aura 17 ans et demi.<\/p>\n<p>Aussi, dans le cadre de l\u2019apprentissage anticip\u00e9 de la conduite (AAC), les devis propos\u00e9s par les auto-\u00e9coles doivent pr\u00e9ciser :<\/p>\n<ul>\n<li>le rendez-vous p\u00e9dagogique pr\u00e9alable avec l\u2019accompagnateur et le moniteur d\u2019\u00e9cole de conduite d\u2019une dur\u00e9e minimale de deux heures ;<\/li>\n<li>les deux rendez-vous p\u00e9dagogiques obligatoires, avec l\u2019accompagnateur et le moniteur ;<\/li>\n<li>la formation th\u00e9orique : pr\u00e9paration et pr\u00e9sentation \u00e0 l\u2019examen du code de la route.<\/li>\n<\/ul>\t\t\t\t\t\t<\/div>\n\t\t\t\t<\/div>\n\t\t\t\t\t<\/div>\n\t\t\t\t<\/div>\n\t\t\t\t\t\t\t<\/div>\n\t\t","protected":false},"excerpt":{"rendered":"<p>\u00a0Apprentissage anticip\u00e9 de la conduite Un futur conducteur peut choisir d\u2019apprendre \u00e0 conduire d\u00e8s l\u2019\u00e2ge de 15 ans gr\u00e2ce \u00e0 la conduite accompagn\u00e9e, r\u00e9alis\u00e9e dans le cadre de l\u2019apprentissage anticip\u00e9 de la conduite (AAC). La conduite accompagn\u00e9e permet, apr\u00e8s une formation initiale en \u00e9cole de conduite, d\u2019acqu\u00e9rir de l\u2019exp\u00e9rience au volant en toute confiance et&nbsp;&hellip;<\/p>\n","protected":false},"author":1,"featured_media":1444,"parent":0,"menu_order":0,"comment_status":"closed","ping_status":"closed","template":"","meta":{"footnotes":""},"_links":{"self":[{"href":"https:\/\/autoecoleporras.com\/index.php\/wp-json\/wp\/v2\/pages\/210"}],"collection":[{"href":"https:\/\/autoecoleporras.com\/index.php\/wp-json\/wp\/v2\/pages"}],"about":[{"href":"https:\/\/autoecoleporras.com\/index.php\/wp-json\/wp\/v2\/types\/page"}],"author":[{"embeddable":true,"href":"https:\/\/autoecoleporras.com\/index.php\/wp-json\/wp\/v2\/users\/1"}],"replies":[{"embeddable":true,"href":"https:\/\/autoecoleporras.com\/index.php\/wp-json\/wp\/v2\/comments?post=210"}],"version-history":[{"count":10,"href":"https:\/\/autoecoleporras.com\/index.php\/wp-json\/wp\/v2\/pages\/210\/revisions"}],"predecessor-version":[{"id":1445,"href":"https:\/\/autoecoleporras.com\/index.php\/wp-json\/wp\/v2\/pages\/210\/revisions\/1445"}],"wp:featuredmedia":[{"embeddable":true,"href":"https:\/\/autoecoleporras.com\/index.php\/wp-json\/wp\/v2\/media\/1444"}],"wp:attachment":[{"href":"https:\/\/autoecoleporras.com\/index.php\/wp-json\/wp\/v2\/media?parent=210"}],"curies":[{"name":"wp","href":"https:\/\/api.w.org\/{rel}","templated":true}]}}