{"id":294,"date":"2020-07-16T10:14:43","date_gmt":"2020-07-16T08:14:43","guid":{"rendered":"http:\/\/autoecoleporras.com\/?page_id=294"},"modified":"2023-11-17T10:58:24","modified_gmt":"2023-11-17T09:58:24","slug":"parcours-de-formation-categorie-b","status":"publish","type":"page","link":"https:\/\/autoecoleporras.com\/index.php\/parcours-de-formation-categorie-b\/","title":{"rendered":"Parcours de formation cat\u00e9gorie B"},"content":{"rendered":"\t\t<div data-elementor-type=\"wp-page\" data-elementor-id=\"294\" class=\"elementor elementor-294\">\n\t\t\t\t\t\t\t<div class=\"elementor-element elementor-element-7b0a825 e-flex e-con-boxed e-con e-parent\" data-id=\"7b0a825\" data-element_type=\"container\" data-settings=\"{&quot;content_width&quot;:&quot;boxed&quot;}\" data-core-v316-plus=\"true\">\n\t\t\t\t\t<div class=\"e-con-inner\">\n\t\t\t\t<div class=\"elementor-element elementor-element-3136053 elementor-widget elementor-widget-text-editor\" data-id=\"3136053\" data-element_type=\"widget\" data-widget_type=\"text-editor.default\">\n\t\t\t\t<div class=\"elementor-widget-container\">\n\t\t\t<style>\/*! elementor - v3.16.0 - 20-09-2023 *\/\n.elementor-widget-text-editor.elementor-drop-cap-view-stacked .elementor-drop-cap{background-color:#69727d;color:#fff}.elementor-widget-text-editor.elementor-drop-cap-view-framed .elementor-drop-cap{color:#69727d;border:3px solid;background-color:transparent}.elementor-widget-text-editor:not(.elementor-drop-cap-view-default) .elementor-drop-cap{margin-top:8px}.elementor-widget-text-editor:not(.elementor-drop-cap-view-default) .elementor-drop-cap-letter{width:1em;height:1em}.elementor-widget-text-editor .elementor-drop-cap{float:left;text-align:center;line-height:1;font-size:50px}.elementor-widget-text-editor .elementor-drop-cap-letter{display:inline-block}<\/style>\t\t\t\t<h3>Parcours de formation cat\u00e9gorie B<\/h3>\n<p>Apprendre \u00e0 conduire est une d\u00e9marche \u00e9ducative exigeante qui demande \u00e0 l&rsquo;\u00e9l\u00e8ve de la concentration, de l<strong>\u2019assiduit\u00e9 et de la motivation.<\/strong><br \/>Le parcours qui vous est propos\u00e9 vous permettra de <strong>progresser<\/strong> dans votre formation pour vous amener en situation de <strong>r\u00e9ussite<\/strong> aux examens du permis de conduire.<br \/>En signant le contrat pour cette formation \u00e0 la conduite et \u00e0 la s\u00e9curit\u00e9 routi\u00e8re, vous vous engagez \u00e0 suivre obligatoirement le parcours de formation :<\/p>\n<h4>Parcours th\u00e9orique<\/h4>\n<p>La formation th\u00e9orique portant sur des questions <strong>\u00ab d\u2019entra\u00eenement au code \u00bb<\/strong> pourra \u00eatre suivie <strong>\u00e0 votre rythme<\/strong>, soit<strong> dans les locaux<\/strong> de l\u2019\u00e9cole de conduite avec <strong>un support m\u00e9dia<\/strong> (DVD, Box)<strong> ou avec un enseignant<\/strong> (v\u00e9rifier les heures de pr\u00e9sence de l\u2019enseignant sur le tableau d\u2019affichage) <strong>ou via Internet<\/strong> (option d\u2019achat d\u2019acc\u00e8s).<\/p>\n<p>La formation portant sur des <strong>th\u00e9matiques sp\u00e9cifiques<\/strong> se d\u00e9roule <strong>collectivement<\/strong>, dans les locaux de l\u2019\u00e9cole de conduite, et est dispens\u00e9e en <strong>pr\u00e9sence d\u2019un enseignan<\/strong>t de la conduite et de la s\u00e9curit\u00e9 routi\u00e8re titulaire d\u2019une autorisation d\u2019enseigner en cours de validit\u00e9.<\/p>\n<p>En fonction de votre emploi du temps, vous venez au cours<strong> \u00e0 votre rythme.<\/strong> Pensez \u00e0 v\u00e9rifier les jours, les horaires et les th\u00e9matiques sur le tableau d\u2019affichage.\u00a0<\/p>\n<div>\n<h4>Parcours pratique<\/h4>\n<p>Pendant la phase pratique, vous serez amen\u00e9 \u00e0 circuler :<\/p>\n<ul>\n<li>en ville ;<\/li>\n<li>en rase campagne ;<\/li>\n<li>sur autoroute ;<\/li>\n<li>de nuit (le\u00e7ons prises en hiver).<\/li>\n<\/ul>\n<p>Un voyage \u00e9cole vous sera propos\u00e9.<\/p>\n<p><strong>En quoi consiste un voyage \u00e9cole ? <\/strong><\/p>\n<p>Il permet de partir en <strong>groupe de trois \u00e9l\u00e8ves<\/strong> <strong>qui conduisent \u00e0 tour de r\u00f4le<\/strong> sur une demi-journ\u00e9e ou une journ\u00e9e.<br \/>Avant de partir, les \u00e9l\u00e8ves pr\u00e9parent au pr\u00e9alable l&rsquo;itin\u00e9raire.<br \/>Ces voyages permettent d&rsquo;<strong>apprendre \u00e0 lire une carte, \u00e0 utiliser un GPS.<\/strong> Ils favorisent l&rsquo;autonomie et vous permettent \u00e9galement d&rsquo;apprendre en observant les autres \u00e9l\u00e8ves.<br \/>De l&rsquo;\u00e9coute p\u00e9dagogique vous sera propos\u00e9e.<\/p>\n<p><strong>En quoi consiste l&rsquo;\u00e9coute p\u00e9dagogique ?<br \/><br \/><\/strong> Pendant qu\u2019un \u00e9l\u00e8ve conduit, <strong>vous l&rsquo;observez<\/strong>, <strong>vous \u00e9coutez les explications et les conseils de l&rsquo;enseignant<\/strong> et vous participez de mani\u00e8re active en faisant part de vos observations et de vos r\u00e9flexions.<\/p>\n<\/div>\t\t\t\t\t\t<\/div>\n\t\t\t\t<\/div>\n\t\t\t\t\t<\/div>\n\t\t\t\t<\/div>\n\t\t<div class=\"elementor-element elementor-element-c641be6 e-flex e-con-boxed e-con e-parent\" data-id=\"c641be6\" data-element_type=\"container\" data-settings=\"{&quot;content_width&quot;:&quot;boxed&quot;}\" data-core-v316-plus=\"true\">\n\t\t\t\t\t<div class=\"e-con-inner\">\n\t\t\t\t<div class=\"elementor-element elementor-element-8ca841b elementor-widget elementor-widget-image\" data-id=\"8ca841b\" data-element_type=\"widget\" data-widget_type=\"image.default\">\n\t\t\t\t<div class=\"elementor-widget-container\">\n\t\t\t<style>\/*! elementor - v3.16.0 - 20-09-2023 *\/\n.elementor-widget-image{text-align:center}.elementor-widget-image a{display:inline-block}.elementor-widget-image a img[src$=\".svg\"]{width:48px}.elementor-widget-image img{vertical-align:middle;display:inline-block}<\/style>\t\t\t\t\t\t\t\t\t\t\t\t<img decoding=\"async\" loading=\"lazy\" width=\"1024\" height=\"576\" src=\"https:\/\/autoecoleporras.com\/wp-content\/uploads\/2023\/11\/etape_apprentissage_permis_b-1024x576.png\" class=\"attachment-large size-large wp-image-1244\" alt=\"\" srcset=\"https:\/\/autoecoleporras.com\/wp-content\/uploads\/2023\/11\/etape_apprentissage_permis_b-1024x576.png 1024w, https:\/\/autoecoleporras.com\/wp-content\/uploads\/2023\/11\/etape_apprentissage_permis_b-300x169.png 300w, https:\/\/autoecoleporras.com\/wp-content\/uploads\/2023\/11\/etape_apprentissage_permis_b-768x432.png 768w, https:\/\/autoecoleporras.com\/wp-content\/uploads\/2023\/11\/etape_apprentissage_permis_b-500x281.png 500w, https:\/\/autoecoleporras.com\/wp-content\/uploads\/2023\/11\/etape_apprentissage_permis_b-800x450.png 800w, https:\/\/autoecoleporras.com\/wp-content\/uploads\/2023\/11\/etape_apprentissage_permis_b-1280x720.png 1280w, https:\/\/autoecoleporras.com\/wp-content\/uploads\/2023\/11\/etape_apprentissage_permis_b-1232x693.png 1232w, https:\/\/autoecoleporras.com\/wp-content\/uploads\/2023\/11\/etape_apprentissage_permis_b.png 1366w\" sizes=\"(max-width: 1024px) 100vw, 1024px\" \/>\t\t\t\t\t\t\t\t\t\t\t\t\t\t\t<\/div>\n\t\t\t\t<\/div>\n\t\t\t\t\t<\/div>\n\t\t\t\t<\/div>\n\t\t\t\t\t\t\t<\/div>\n\t\t","protected":false},"excerpt":{"rendered":"<p>Parcours de formation cat\u00e9gorie B Apprendre \u00e0 conduire est une d\u00e9marche \u00e9ducative exigeante qui demande \u00e0 l&rsquo;\u00e9l\u00e8ve de la concentration, de l\u2019assiduit\u00e9 et de la motivation. Le parcours qui vous est propos\u00e9 vous permettra de progresser dans votre formation pour vous amener en situation de r\u00e9ussite aux examens du permis de conduire. En signant le&nbsp;&hellip;<\/p>\n","protected":false},"author":1,"featured_media":1442,"parent":0,"menu_order":0,"comment_status":"closed","ping_status":"closed","template":"","meta":{"footnotes":""},"_links":{"self":[{"href":"https:\/\/autoecoleporras.com\/index.php\/wp-json\/wp\/v2\/pages\/294"}],"collection":[{"href":"https:\/\/autoecoleporras.com\/index.php\/wp-json\/wp\/v2\/pages"}],"about":[{"href":"https:\/\/autoecoleporras.com\/index.php\/wp-json\/wp\/v2\/types\/page"}],"author":[{"embeddable":true,"href":"https:\/\/autoecoleporras.com\/index.php\/wp-json\/wp\/v2\/users\/1"}],"replies":[{"embeddable":true,"href":"https:\/\/autoecoleporras.com\/index.php\/wp-json\/wp\/v2\/comments?post=294"}],"version-history":[{"count":8,"href":"https:\/\/autoecoleporras.com\/index.php\/wp-json\/wp\/v2\/pages\/294\/revisions"}],"predecessor-version":[{"id":1443,"href":"https:\/\/autoecoleporras.com\/index.php\/wp-json\/wp\/v2\/pages\/294\/revisions\/1443"}],"wp:featuredmedia":[{"embeddable":true,"href":"https:\/\/autoecoleporras.com\/index.php\/wp-json\/wp\/v2\/media\/1442"}],"wp:attachment":[{"href":"https:\/\/autoecoleporras.com\/index.php\/wp-json\/wp\/v2\/media?parent=294"}],"curies":[{"name":"wp","href":"https:\/\/api.w.org\/{rel}","templated":true}]}}