{"id":894,"date":"2023-10-16T16:08:38","date_gmt":"2023-10-16T14:08:38","guid":{"rendered":"https:\/\/autoecoleporras.com\/?page_id=894"},"modified":"2023-11-17T12:05:16","modified_gmt":"2023-11-17T11:05:16","slug":"les-enjeux-de-la-formation-preparatoire-a-lexamen-du-permis-de-conduire","status":"publish","type":"page","link":"https:\/\/autoecoleporras.com\/index.php\/les-enjeux-de-la-formation-preparatoire-a-lexamen-du-permis-de-conduire\/","title":{"rendered":"Les enjeux de la formation pr\u00e9paratoire \u00e0 l&rsquo;examen du permis de conduire"},"content":{"rendered":"\n<div class=\"wp-block-columns is-layout-flex wp-container-2 wp-block-columns-is-layout-flex\">\n<div class=\"wp-block-column is-layout-flow wp-block-column-is-layout-flow\" style=\"flex-basis:100%\">\n<p><!-- wp:extendstudio\/materialis--><\/p>\n<p><!-- wp:heading--><\/p>\n<p><!-- \/wp:list--><\/p>\n<p><!-- CloudPress Companion Preview Data START --><\/p>\n<h2 class=\"wp-block-heading\"><strong>Les enjeux de la formation pr\u00e9paratoire \u00e0 l\u2019examen du permis de conduire<\/strong><\/h2>\n<p><!-- wp:paragraph--><\/p>\n<p>Au-del\u00e0 du plaisir de conduire, l\u2019utilisation d\u2019une voiture est souvent indispensable pour bien nombres de situations \u00ab \u00c9tudes, travail, loisirs \u00bb. Le permis de conduire est devenu un outil social tr\u00e8s important pour les jeunes. La formation \u00e0 la conduite a pour objectif d\u2019amener le conducteur d\u00e9butant \u00e0 la ma\u00eetrise de comp\u00e9tences en termes de savoir-\u00eatre, savoirs, savoir-faire et savoir-devenir. Apprendre \u00e0 conduire est une d\u00e9marche \u00e9ducative exigeante pour lequel votre formateur, enseignant dipl\u00f4m\u00e9 de la s\u00e9curit\u00e9 routi\u00e8re, saura vous guider.<\/p>\n<p><!-- \/wp:paragraph--><!-- wp:paragraph--><\/p>\n<p><strong>Cette formation est organis\u00e9e en deux parties :<\/strong><\/p>\n<p><!-- \/wp:paragraph--><!-- \/wp:list--><\/p>\n<p>Ces \u00e9tapes seront analys\u00e9es et not\u00e9es lors des examens de code.<\/p>\n<p><!-- wp:heading--><!-- wp:list--><\/p>\n<p><!-- \/wp:paragraph--><\/p>\n<p><!-- \/wp:heading--><\/p>\n<p><!-- wp:paragraph--><\/p>\n<p>\u00a0La formation de code sera assur\u00e9e par multi-support : outil en ligne sur ordinateurs, tablettes et t\u00e9l\u00e9phones, test \u00e0 l\u2019agence et cours en pr\u00e9sence d\u2019un enseignant de la s\u00e9curit\u00e9 routi\u00e8re.<\/p>\n<h4 class=\"wp-block-heading\"><strong>L\u2019Examen E.T.G. se passera dans un centre agr\u00e9\u00e9.<\/strong><\/h4>\n<p>Les \u00e9l\u00e8ves sont autonomes pour s\u2019inscrire \u00e0 l\u2019examen d\u00e9finitif de l\u2019 E.T.G en choisissant le lieu et le cr\u00e9neau horaire favori. L\u2019inscription s\u2019effectue directement sur le site d\u2019un centre agr\u00e9\u00e9 \u00e0 laide de votre code personnel NEPH qu\u2019on pourra vous fournir.<\/p>\n<p><!-- \/wp:paragraph--><\/p>\n<p><!-- wp:paragraph--><\/p>\n<p><!-- wp:paragraph--><\/p>\n<p>\u00a0La formation th\u00e9orique sera valid\u00e9e par l\u2019Examen Th\u00e9orique G\u00e9n\u00e9ral compos\u00e9 d\u2019une s\u00e9rie al\u00e9atoire de 40 questions sur tablette en mode individuel.<\/p>\n<p><!-- \/wp:paragraph--><\/p>\n<p><!-- \/wp:paragraph--><\/p>\n<p><!-- wp:paragraph--><\/p>\n<p><!-- wp:paragraph--><\/p>\n<p><!-- \/wp:paragraph--><\/p>\n<p>Les r\u00e9sultats seront envoy\u00e9s par mail \u00e0 nos \u00e9l\u00e8ves sous un d\u00e9lai de quelques heures.<\/p>\n<p><!-- wp:list--><\/p>\n<p>Concernant la formation \u00e0 la conduite, elle se d\u00e9roulera en circulation active avec nos v\u00e9hicules \u00ab Peugeot 208 en boite manuelle et Toyota Yaris en boite automatique \u00bb pr\u00e9c\u00e9d\u00e9e de l\u2019\u00e9valuation de d\u00e9part r\u00e9alis\u00e9e avant la souscription du contrat sur v\u00e9hicule.<\/p>\n<p><!-- \/wp:list--><\/p>\n<p>Notre formation est ax\u00e9e sur les bons comportements du conducteur \u00e0 venir et devenir.<br \/>Les formateurs s\u2019appuient sur un programme de formation commun Le REMC.<br \/>Celui-ci est constitu\u00e9 de 4 comp\u00e9tences globales :<\/p>\n<p><!-- wp:paragraph--><\/p>\n<p>L\u2019\u00e9preuve pratique de l\u2019examen du permis de conduire est \u00e9valu\u00e9e par un expert : l\u2019Inspecteur du permis de conduire et de la s\u00e9curit\u00e9 routi\u00e8re.<\/p>\n<p><!-- \/wp:paragraph--><!-- wp:paragraph--><\/p>\n<p>Le jour de l\u2019examen, l\u2019\u00e9preuve vous est pr\u00e9sent\u00e9e individuellement par l\u2019expert sur une dur\u00e9e de 32 minutes maximum, qui vous pr\u00e9cise ce que vous allez devoir faire :<\/p>\n<p><!-- \/wp:paragraph--><!-- wp:heading--><\/p>\n<h4 class=\"wp-block-heading\"><strong>Pour valider ces comp\u00e9tences l\u2019\u00e9l\u00e8ve sera amen\u00e9 \u00e0 :<\/strong><\/h4>\n<p><!-- \/wp:heading--><!-- wp:paragraph--><\/p>\n<p>L\u2019\u00e9valuation r\u00e9alis\u00e9e par un expert est bas\u00e9e sur des textes r\u00e9glementaires et instructions pr\u00e9cises qui en fixent les localit\u00e9s.<\/p>\n<p><!-- \/wp:paragraph--><!-- \/wp:heading--><\/p>\n<p><!-- wp:extendstudio\/materialis--><\/p>\n<div id=\"validation-des-competences\" class=\"about-text-image content-section content-section-spacing-large\" style=\"background-color: #f5fafd;\" data-label=\"validation des competences\" data-id=\"about--1\" data-export-id=\"about-text-image\" data-category=\"about\">\n<div class=\"gridContainer\">\n<div class=\"row\">\n<div class=\"col-xs-12 col-sm-6 col-padding-small-xs col-sm-padding-large bg-color6 content-col border-radius-overflow-hidden\" data-type=\"column\">\n<h5 class=\"\">Pour l\u2019\u00e9l\u00e8ve<\/h5>\n<h2 class=\"\"><span style=\"font-family: Playfair Display,sans-serif; font-weight: bold; font-style: italic;\">validation des comp\u00e9tences<\/span><\/h2>\n<p class=\"\">Pour valider ses comp\u00e9tences, l\u2019\u00e9l\u00e8ve sera amen\u00e9 \u00e0 passer 4 comp\u00e9tences.<\/p>\n<\/div>\n<div class=\"col-xs-12 col-sm-6 flexbox-strech center-xs middle-xs no-gutter-col\">\n<div class=\"mdc-elevation--z10 overlap-left-large flexbox middle-xs center-xs right-img rounded border-radius-overflow-hidden\" style=\"background-image: url('https:\/\/autoecoleporras.com\/wp-content\/uploads\/2023\/10\/cropped-porras_voitures2-1.jpg');\" data-bg=\"image\">\u00a0<\/div>\n<\/div>\n<\/div>\n<\/div>\n<\/div>\n<p><!-- \/wp:extendstudio\/materialis--><\/p>\n<p>Notre formation est ax\u00e9e sur les bons comportements du conducteur \u00e0 venir et devenir.<br \/>Les formateurs s\u2019appuient sur un programme de formation commun Le REMC.<br \/>Celui-ci est constitu\u00e9 de 4 comp\u00e9tences globales :<\/p>\n<p><!-- \/wp:paragraph--><!-- wp:list--><\/p>\n<ul>\n<li><strong>MA\u00ceTRISER LE MANIEMENT DU V\u00c9HICULE DANS UN TRAFIC FAIBLE OU NUL<\/strong><\/li>\n<li><strong>APPR\u00c9HENDER LA ROUTE ET CIRCULER DANS DES CONDITIONS NORMALES<\/strong><\/li>\n<li><strong>CIRCULER DANS DES CONDITIONS DIFFICILES ET PARTAGER LA ROUTE AVEC LES AUTRES USAGERS<\/strong><\/li>\n<li><strong>PRATIQUER UNE CONDUITE AUTONOME, S\u00dbRE ET \u00c9CONOMIQUE<\/strong><\/li>\n<\/ul>\n<p><!-- \/wp:list--><!-- wp:paragraph--><\/p>\n<p>L\u2019\u00e9preuve pratique de l\u2019examen du permis de conduire est \u00e9valu\u00e9e par un expert : l\u2019Inspecteur du permis de conduire et de la s\u00e9curit\u00e9 routi\u00e8re.<\/p>\n<p><!-- \/wp:paragraph--><!-- wp:paragraph--><\/p>\n<p><!-- \/wp:extendstudio\/materialis--><!-- wp:paragraph--><\/p>\n<p>Le jour de l\u2019examen, l\u2019\u00e9preuve vous est pr\u00e9sent\u00e9e individuellement par l\u2019expert sur une dur\u00e9e de 32 minutes maximum, qui vous pr\u00e9cise ce que vous allez devoir faire :<\/p>\n<p><!-- \/wp:paragraph--><!-- wp:list--><\/p>\n<ul>\n<li>La bonne utilisation des commandes<\/li>\n<li>La prise d\u2019information<\/li>\n<li>L\u2019adaptation de l\u2019allure du v\u00e9hicule aux circonstances de la route<\/li>\n<li>L\u2019application de la r\u00e9glementation<\/li>\n<li>La communication avec les autres usagers<\/li>\n<li>Le partage de la chauss\u00e9e<\/li>\n<li>Le respect des distances de s\u00e9curit\u00e9.<\/li>\n<\/ul>\n<ul>\n<li><strong>la formation th\u00e9orique, ax\u00e9e sur l\u2019apprentissage sur l\u2019apprentissage des 11 th\u00e8mes<\/strong><\/li>\n<li><strong>la formation pratique, \u00e0 savoir :<\/strong><!-- wp:list-->\n<ul>\n<li>La signalisation<\/li>\n<li>Les priorit\u00e9s<\/li>\n<li>Les r\u00e8gles de circulation<\/li>\n<li>Croisements et d\u00e9passements<\/li>\n<li>Arr\u00eat et stationnement<\/li>\n<li>Visibilit\u00e9 \u00e9clairage<\/li>\n<li>\u00c9co conduite \u00e9co mobilit\u00e9<\/li>\n<li>Tunnels et passages \u00e0 niveau<\/li>\n<li>Partage de la route<\/li>\n<li>Prise de conscience des risques notions diverses<\/li>\n<li>Eco mobilit\u00e9<\/li>\n<\/ul>\n<p><!-- \/wp:list--><\/p>\n<\/li>\n<\/ul>\n<ul>\n<li><strong>MA\u00ceTRISER LE MANIEMENT DU V\u00c9HICULE DANS UN TRAFIC FAIBLE OU NUL<\/strong><\/li>\n<li><strong>APPR\u00c9HENDER LA ROUTE ET CIRCULER DANS DES CONDITIONS NORMALES<\/strong><\/li>\n<li><strong>CIRCULER DANS DES CONDITIONS DIFFICILES ET PARTAGER LA ROUTE AVEC LES AUTRES USAGERS<\/strong><\/li>\n<li><strong>PRATIQUER UNE CONDUITE AUTONOME, S\u00dbRE ET \u00c9CONOMIQUE<\/strong><\/li>\n<\/ul>\n<p><!-- wp:list--><\/p>\n<ul>\n<li>La bonne utilisation des commandes<\/li>\n<li>La prise d\u2019information<\/li>\n<li>L\u2019adaptation de l\u2019allure du v\u00e9hicule aux circonstances de la route<\/li>\n<li>L\u2019application de la r\u00e9glementation<\/li>\n<li>La communication avec les autres usagers<\/li>\n<li>Le partage de la chauss\u00e9e<\/li>\n<li>Le respect des distances de s\u00e9curit\u00e9.<\/li>\n<\/ul>\n<p><!-- \/wp:list--><!-- wp:list--><\/p>\n<ul>\n<li>R\u00e9aliser un parcours empruntant des voies \u00e0 caract\u00e8re urbain, routier et\/ou autoroutier<\/li>\n<li>Suivre un itin\u00e9raire ou vous rendre vers une destination pr\u00e9alablement \u00e9tablie, en vous guidant de mani\u00e8re autonome, pendant une dur\u00e9e globale d\u2019environ 5 minutes<\/li>\n<li>R\u00e9aliser une man\u0153uvre (marche arri\u00e8re, \u00e9pi, cr\u00e9neau ou rangement en bataille)<\/li>\n<li>Proc\u00e9der \u00e0 la v\u00e9rification d\u2019un \u00e9l\u00e9ment technique \u00e0 l\u2019int\u00e9rieur ou \u00e0 l\u2019ext\u00e9rieur du v\u00e9hicule et r\u00e9pondre \u00e0 une question en lien avec la s\u00e9curit\u00e9 routi\u00e8re<\/li>\n<li>Appliquer les r\u00e8gles de code de la route, notamment les limitations de vitesse s\u2019appliquant aux \u00e9l\u00e8ves conducteurs<\/li>\n<li>Adapter votre conduite dans un souci d\u2019\u00e9conomie de carburant et de limitation de rejet de gaz \u00e0 effet de serre<\/li>\n<li>Faire preuve de courtoisie envers les autres usagers, et notamment les plus vuln\u00e9rables<\/li>\n<\/ul>\n<p><!-- \/wp:list--><!-- wp:paragraph--><\/p>\n<p>Il r\u00e9alise ainsi un inventaire des points positifs et des points n\u00e9gatifs restitu\u00e9s par rapport \u00e0 une comp\u00e9tence donn\u00e9e. Un \u00e9change entre l\u2019expert et vous peut s\u2019instaurer au cours de l\u2019\u00e9preuve. \u00c0 l\u2019issue de l\u2019\u00e9preuve, l\u2019expert retranscrit de fa\u00e7on formelle ce bilan de comp\u00e9tences dans une grille d\u2019\u00e9valuation, reprenant la l\u00e9gende suivante :<\/p>\n<p><!-- \/wp:paragraph--><!-- wp:list--><\/p>\n<ul>\n<li><strong>E : Erreur \u00e9liminatoire : franchissement d\u2019une ligne continue, non-respect de la signalisation, l\u2019intervention de l\u2019inspecteur sue les commandes du v\u00e9hicule.<\/strong><\/li>\n<li><strong>0 : La comp\u00e9tence n\u2019est pas acquise et le candidat est incapable de la restituer.<\/strong><\/li>\n<li><strong>1 : La comp\u00e9tence est en cours d\u2019acquisition, mais mal ma\u00eetris\u00e9e.<\/strong><\/li>\n<li><strong>2 : La comp\u00e9tence est acquise. Elle a \u00e9t\u00e9 mise en \u0153uvre pendant l\u2019examen \u00e0 des niveaux de qualit\u00e9s variables.<\/strong><\/li>\n<li><strong>3 : La comp\u00e9tence est correctement et r\u00e9guli\u00e8rement restitu\u00e9e. Le candidat a su la mettre en \u0153uvre \u00e0 chaque fois que cela \u00e9tait utile.<\/strong><\/li>\n<\/ul>\n<p><!-- \/wp:list--><!-- wp:paragraph--><\/p>\n<p>Les aptitudes concernant l\u2019autonomie, la prise de conscience des risques, la courtoisie au volant et la conduite \u00e9conomique sont \u00e9galement notifi\u00e9es.<br \/>L\u2019examinateur \u00e9value en outre l\u2019autonomie et la conscience du risque du candidat.<br \/>Pour \u00eatre re\u00e7u \u00e0 l\u2019examen, le candidat doit obtenir au moins 20 points sur 31.<br \/>Le r\u00e9sultat de l\u2019examen sera communiqu\u00e9 directement \u00e0 l\u2019auto-\u00e9cole qui transmettra par mail le certificat provisoire du permis de conduire. Les r\u00e9sultats seront \u00e9galement disponibles sur <a class=\"\" href=\"https:\/\/auth.permisdeconduire.gouv.fr\/realms\/usagers\/protocol\/openid-connect\/auth?response_type=code&amp;scope=openid%20email%20profile&amp;client_id=usagers_1&amp;state=TNLYLplUiZho7nXigrsAAN8cKgw&amp;redirect_uri=https%3A%2F%2Fcandidat.permisdeconduire.gouv.fr%2Foidc-callback\">internet<\/a><\/p>\n<p><!-- \/wp:paragraph--><!-- wp:paragraph--><\/p>\n<p>Cette \u00e9valuation consiste en un bilan des comp\u00e9tences n\u00e9cessaires et fondamentales devant \u00eatre acquises pour une conduite en s\u00e9curit\u00e9, car la conduite est un acte difficile qui engage une responsabilit\u00e9 forte. L\u2019expert s\u2019attache \u00e0 valoriser vos acquis comportementaux plut\u00f4t que vos faiblesses.<\/p>\n<p><!-- \/wp:paragraph--><\/p>\n<\/div>\n<\/div>\n","protected":false},"excerpt":{"rendered":"<p>Les enjeux de la formation pr\u00e9paratoire \u00e0 l\u2019examen du permis de conduire Au-del\u00e0 du plaisir de conduire, l\u2019utilisation d\u2019une voiture est souvent indispensable pour bien nombres de situations \u00ab \u00c9tudes, travail, loisirs \u00bb. Le permis de conduire est devenu un outil social tr\u00e8s important pour les jeunes. La formation \u00e0 la conduite a pour objectif&nbsp;&hellip;<\/p>\n","protected":false},"author":1,"featured_media":1465,"parent":0,"menu_order":0,"comment_status":"closed","ping_status":"closed","template":"pro\/page-templates\/full-width-page.php","meta":{"footnotes":""},"_links":{"self":[{"href":"https:\/\/autoecoleporras.com\/index.php\/wp-json\/wp\/v2\/pages\/894"}],"collection":[{"href":"https:\/\/autoecoleporras.com\/index.php\/wp-json\/wp\/v2\/pages"}],"about":[{"href":"https:\/\/autoecoleporras.com\/index.php\/wp-json\/wp\/v2\/types\/page"}],"author":[{"embeddable":true,"href":"https:\/\/autoecoleporras.com\/index.php\/wp-json\/wp\/v2\/users\/1"}],"replies":[{"embeddable":true,"href":"https:\/\/autoecoleporras.com\/index.php\/wp-json\/wp\/v2\/comments?post=894"}],"version-history":[{"count":33,"href":"https:\/\/autoecoleporras.com\/index.php\/wp-json\/wp\/v2\/pages\/894\/revisions"}],"predecessor-version":[{"id":1464,"href":"https:\/\/autoecoleporras.com\/index.php\/wp-json\/wp\/v2\/pages\/894\/revisions\/1464"}],"wp:featuredmedia":[{"embeddable":true,"href":"https:\/\/autoecoleporras.com\/index.php\/wp-json\/wp\/v2\/media\/1465"}],"wp:attachment":[{"href":"https:\/\/autoecoleporras.com\/index.php\/wp-json\/wp\/v2\/media?parent=894"}],"curies":[{"name":"wp","href":"https:\/\/api.w.org\/{rel}","templated":true}]}}